{"id":152,"date":"2021-08-13T14:04:56","date_gmt":"2021-08-13T12:04:56","guid":{"rendered":"https:\/\/www.force.hu\/wordpress\/?page_id=152"},"modified":"2021-08-13T14:07:30","modified_gmt":"2021-08-13T12:07:30","slug":"kulso-erintettek-reszere","status":"publish","type":"page","link":"https:\/\/www.force.hu\/wordpress\/kulso-erintettek-reszere\/","title":{"rendered":"K\u00fcls\u0151 \u00e9rintettek r\u00e9sz\u00e9re"},"content":{"rendered":"\t\t<div data-elementor-type=\"wp-page\" data-elementor-id=\"152\" class=\"elementor elementor-152\" data-elementor-settings=\"[]\">\n\t\t\t\t\t\t\t<div class=\"elementor-section-wrap\">\n\t\t\t\t\t\t\t<section class=\"elementor-section elementor-top-section elementor-element elementor-element-1c1371b1 elementor-section-stretched elementor-section-boxed elementor-section-height-default elementor-section-height-default\" data-id=\"1c1371b1\" data-element_type=\"section\" data-settings=\"{&quot;stretch_section&quot;:&quot;section-stretched&quot;,&quot;background_background&quot;:&quot;gradient&quot;}\">\n\t\t\t\t\t\t<div class=\"elementor-container elementor-column-gap-default\">\n\t\t\t\t\t<div class=\"elementor-column elementor-col-100 elementor-top-column elementor-element elementor-element-4447312a\" data-id=\"4447312a\" data-element_type=\"column\">\n\t\t\t<div class=\"elementor-widget-wrap elementor-element-populated\">\n\t\t\t\t\t\t\t\t<div class=\"elementor-element elementor-element-275018d8 elementor-widget elementor-widget-heading\" data-id=\"275018d8\" data-element_type=\"widget\" data-widget_type=\"heading.default\">\n\t\t\t\t<div class=\"elementor-widget-container\">\n\t\t\t<h2 class=\"elementor-heading-title elementor-size-xxl\">K\u00fcls\u0151 \u00e9rintettek r\u00e9sz\u00e9re<\/h2>\t\t<\/div>\n\t\t\t\t<\/div>\n\t\t\t\t\t<\/div>\n\t\t<\/div>\n\t\t\t\t\t\t\t<\/div>\n\t\t<\/section>\n\t\t\t\t<section class=\"elementor-section elementor-top-section elementor-element elementor-element-f25f385 elementor-section-boxed elementor-section-height-default elementor-section-height-default\" data-id=\"f25f385\" data-element_type=\"section\">\n\t\t\t\t\t\t<div class=\"elementor-container elementor-column-gap-default\">\n\t\t\t\t\t<div class=\"elementor-column elementor-col-100 elementor-top-column elementor-element elementor-element-c737249\" data-id=\"c737249\" data-element_type=\"column\">\n\t\t\t<div class=\"elementor-widget-wrap elementor-element-populated\">\n\t\t\t\t\t\t\t\t<div class=\"elementor-element elementor-element-1f188c5 elementor-widget elementor-widget-text-editor\" data-id=\"1f188c5\" data-element_type=\"widget\" data-widget_type=\"text-editor.default\">\n\t\t\t\t<div class=\"elementor-widget-container\">\n\t\t\t\t\t\t\t<p><strong><u>I.\/ Bevezet\u00e9s<\/u><\/strong><\/p><p>Jelen Adatkezel\u00e9si Szab\u00e1lyzat (a tov\u00e1bbiakban:\u00a0<strong>Szab\u00e1lyzat<\/strong>) c\u00e9lja, hogy a vonatkoz\u00f3 jogszab\u00e1lyi el\u0151\u00edr\u00e1soknak megfelel\u0151en r\u00f6gz\u00edtse azokat az adatkezel\u00e9si alapelveket, c\u00e9lokat \u00e9s egy\u00e9b t\u00e9nyeket, amelyek meghat\u00e1rozz\u00e1k azt, hogy az \u00d6n \u00e1ltal megadott szem\u00e9lyes adatokat milyen c\u00e9lb\u00f3l, meddig \u00e9s hogyan kezelj\u00fck, \u00e9s az adatkezel\u00e9s vonatkoz\u00e1s\u00e1ban \u00d6nnek milyen jog\u00e9rv\u00e9nyes\u00edt\u00e9si \u00e9s jogorvoslati lehet\u0151s\u00e9gei vannak.<\/p><p>Az \u00d6n \u00e1ltal r\u00e9sz\u00fcnkre megadott szem\u00e9lyes adatai biztons\u00e1ga \u00e9s megfelel\u0151 kezel\u00e9se kiemelten fontos sz\u00e1munkra, ez\u00e9rt k\u00e9rj\u00fck, hogy a jelen Szab\u00e1lyzatban foglaltakat gondosan \u00e9s figyelmesen olvassa el. Ha az itt \u00edrtakkal kapcsolatban b\u00e1rmilyen k\u00e9rd\u00e9se, illetve \u00e9szrev\u00e9tele lenne, \u00fagy a Szab\u00e1lyzat elfogad\u00e1sa el\u0151tt forduljon hozz\u00e1nk bizalommal a jelen Szab\u00e1lyzatban megadott e-mail c\u00edmen, koll\u00e9g\u00e1ink k\u00e9szs\u00e9ggel seg\u00edtenek \u00d6nnek.<\/p><p><strong><u>II.\/A Szab\u00e1lyzatban haszn\u00e1latos fogalmak meghat\u00e1roz\u00e1sa<\/u><\/strong><\/p><p><strong><u>\u00a0<\/u><\/strong><\/p><p>Az al\u00e1bbiakban \u00f6sszefoglaljuk a Szab\u00e1lyzatban el\u0151fordul\u00f3 legfontosabb fogalmakat.<\/p><ol><li><strong>Szem\u00e9lyes adat:\u00a0<\/strong>Az \u00c9rintettre vonatkoz\u00f3 b\u00e1rmely olyan inform\u00e1ci\u00f3, amely alapj\u00e1n az \u00c9rintett azonos\u00edtotts\u00e1ga vagy azonos\u00edthat\u00f3s\u00e1ga teljes\u00fcl. Azonos\u00edthat\u00f3 az a term\u00e9szetes szem\u00e9ly, aki k\u00f6zvetlen vagy k\u00f6zvetett m\u00f3don, k\u00fcl\u00f6n\u00f6sen valamely azonos\u00edt\u00f3, p\u00e9ld\u00e1ul n\u00e9v, sz\u00e1m, helymeghat\u00e1roz\u00f3 adat, online azonos\u00edt\u00f3 vagy a term\u00e9szetes szem\u00e9ly testi, fiziol\u00f3giai, genetikai, szellemi, gazdas\u00e1gi, kultur\u00e1lis vagy szoci\u00e1lis azonoss\u00e1g\u00e1ra vonatkoz\u00f3 egy vagy t\u00f6bb t\u00e9nyez\u0151 alapj\u00e1n azonos\u00edthat\u00f3. Az Adatkezel\u0151 a jelen Szab\u00e1lyzatban adatkezel\u00e9si c\u00e9lonk\u00e9nt k\u00fcl\u00f6n felt\u00fcntetett szem\u00e9lyes adatokat gy\u0171jti az \u00c9rintettr\u0151l.<\/li><\/ol><ol start=\"2\"><li><strong>\u00c9rintett:<\/strong>\u00a0minden azonos\u00edtott \u00e9s azonos\u00edthat\u00f3 term\u00e9szetes szem\u00e9ly.<\/li><\/ol><ol start=\"3\"><li><strong>Adatkezel\u00e9s:\u00a0<\/strong>az alkalmazott elj\u00e1r\u00e1st\u00f3l f\u00fcggetlen\u00fcl az adaton v\u00e9gzett b\u00e1rmely m\u0171velet vagy a m\u0171veletek \u00f6sszess\u00e9ge, \u00edgy k\u00fcl\u00f6n\u00f6sen gy\u0171jt\u00e9se, felv\u00e9tele, r\u00f6gz\u00edt\u00e9se, rendszerez\u00e9se, t\u00e1rol\u00e1sa, megv\u00e1ltoztat\u00e1sa, felhaszn\u00e1l\u00e1sa, lek\u00e9rdez\u00e9se, tov\u00e1bb\u00edt\u00e1sa, nyilv\u00e1noss\u00e1gra hozatala, \u00f6sszehangol\u00e1sa vagy \u00f6sszekapcsol\u00e1sa, z\u00e1rol\u00e1sa, t\u00f6rl\u00e9se \u00e9s megsemmis\u00edt\u00e9se, valamint az adat tov\u00e1bbi felhaszn\u00e1l\u00e1s\u00e1nak megakad\u00e1lyoz\u00e1sa.<\/li><\/ol><ol start=\"4\"><li><strong>Adatfeldolgoz\u00e1s:<\/strong>\u00a0olyan, a szem\u00e9lyes adatokkal v\u00e9gzett, az adatkezel\u00e9si m\u0171veletekhez kapcsol\u00f3d\u00f3 b\u00e1rmely tev\u00e9kenys\u00e9g, amelyet az Adatkezel\u0151 nev\u00e9ben hajtanak v\u00e9gre, f\u00fcggetlen\u00fcl a m\u0171veletek v\u00e9grehajt\u00e1s\u00e1hoz alkalmazott m\u00f3dszert\u0151l \u00e9s eszk\u00f6zt\u0151l, valamint az alkalmaz\u00e1s hely\u00e9t\u0151l, felt\u00e9ve, hogy a tev\u00e9kenys\u00e9get az adaton v\u00e9gzik. Ennek megfelel\u0151en adatfeldolgoz\u00f3nak min\u0151s\u00fcl az a term\u00e9szetes vagy jogi szem\u00e9ly, k\u00f6zhatalmi szerv, \u00fcgyn\u00f6ks\u00e9g vagy b\u00e1rmely egy\u00e9b szerv, amely az adatkezel\u0151 nev\u00e9ben szem\u00e9lyes adatokat kezel.<\/li><\/ol><p><strong>\u00a0<\/strong><\/p><ol start=\"5\"><li><strong>Adatkezel\u0151:<\/strong>\u00a0az \u00c9rintett \u00e1ltal megadott adatokat a \u201c<strong>FORCE\u201d \u00c9p\u00edt\u0151ipari Tervez\u0151 \u00e9s Kivitelez\u0151 Kft<\/strong>. kezeli, azaz kiz\u00e1r\u00f3lag e c\u00e9g hozhatja meg \u00e9s hajthatja v\u00e9gre az \u00c9rintettek szem\u00e9lyes adataival kapcsolatos d\u00f6nt\u00e9seket.<\/li><\/ol><ol start=\"6\"><li><strong>C\u00edmzett:\u00a0<\/strong>az a term\u00e9szetes vagy jogi szem\u00e9ly, k\u00f6zhatalmi szerv, \u00fcgyn\u00f6ks\u00e9g vagy b\u00e1rmely egy\u00e9b szerv, akivel vagy amellyel a szem\u00e9lyes adatot k\u00f6zlik, f\u00fcggetlen\u00fcl att\u00f3l, hogy harmadik f\u00e9l-e.<\/li><\/ol><p><strong>\u00a0<\/strong><\/p><ol start=\"7\"><li><strong>\u00c1fatv.:\u00a0<\/strong>az \u00e1ltal\u00e1nos forgalmi ad\u00f3r\u00f3l sz\u00f3l\u00f3 2007. \u00e9vi CXXVII. t\u00f6rv\u00e9ny.<\/li><\/ol><p><strong>\u00a0<\/strong><\/p><ol start=\"8\"><li><strong>Hat\u00f3s\u00e1g:\u00a0<\/strong>a Nemzeti Adatkezel\u00e9si \u00e9s Inform\u00e1ci\u00f3szabads\u00e1g Hat\u00f3s\u00e1g (c\u00edm: 1125 Budapest, Szil\u00e1gyi Erzs\u00e9bet fasor 22\/c.; e-mail: ugyfelszolgalat@naih.hu; honlap:\u00a0<a href=\"http:\/\/naih.hu\/\">http:\/\/naih.hu<\/a>; telefon: +36(1)391-1400).<\/li><\/ol><ol start=\"9\"><li><strong>Honlap:\u00a0<\/strong>az Adatkezel\u0151 \u00e1ltal \u00fczemeltetett\u00a0<a href=\"http:\/\/www.force.hu\/\">force.hu<\/a>\u00a0honlap.<\/li><\/ol><ol start=\"10\"><li><strong>GDPR:<\/strong>\u00a0a term\u00e9szetes szem\u00e9lyeknek a szem\u00e9lyes adatok kezel\u00e9se tekintet\u00e9ben t\u00f6rt\u00e9n\u0151 v\u00e9delm\u00e9r\u0151l \u00e9s az ilyen adatok szabad \u00e1raml\u00e1s\u00e1r\u00f3l, valamint a 95\/46\/EK rendelet hat\u00e1lyon k\u00edv\u00fcl helyez\u00e9s\u00e9r\u0151l (\u00e1ltal\u00e1nos adatv\u00e9delmi rendelet) sz\u00f3l\u00f3, az Eur\u00f3pai Parlament \u00e9s a Tan\u00e1cs (EU) 2016\/679 Rendelete.<\/li><\/ol><ol start=\"11\"><li>: a sz\u00e1mvitelr\u0151l sz\u00f3l\u00f3 2000. \u00e9vi C. t\u00f6rv\u00e9ny.<\/li><\/ol><p><strong><u>\u00a0<\/u><\/strong><\/p><p><strong><u>III.\/ Az Adatkezel\u0151, adatfeldolgoz\u00f3, illetve k\u00e9pvisel\u0151ik el\u00e9rhet\u0151s\u00e9ge<\/u><\/strong><\/p><p>Jelen fejezetben ker\u00fcl r\u00f6gz\u00edt\u00e9sre az Adatkezel\u0151nek, valamint az Adatkezel\u0151 k\u00e9pvisel\u0151j\u00e9nek el\u00e9rhet\u0151s\u00e9gei.<\/p><p>Az Adatkezel\u0151 adatai:<\/p><p>Sz\u00e9khely: 1107 Budapest, Basa u 20.<\/p><p>Levelez\u00e9si c\u00edm: 1704 Budapest, Pf.: 91.<\/p><table><tbody><tr><td><p>C\u00e9gjegyz\u00e9ksz\u00e1m: 01-09-704795<\/p><\/td><\/tr><\/tbody><\/table><p>(nyilv\u00e1ntartja a F\u0151v\u00e1rosi T\u00f6rv\u00e9nysz\u00e9k C\u00e9gb\u00edr\u00f3s\u00e1ga)<\/p><p>Ad\u00f3sz\u00e1m: 10568448-2-42<\/p><p>E-mail:\u00a0<a href=\"mailto:force@force.hu\">force@force.hu<\/a><\/p><p>Telefonsz\u00e1m: +36(1)431-0780<\/p><p>Az Adatkezel\u0151 k\u00e9pvisel\u0151i:<\/p><p>Ormoshegyi Ott\u00f3 (el\u00e9rhet\u0151s\u00e9ge: 1107 Budapest, Basa u 20.;\u00a0<a href=\"mailto:force@force.hu\">force@force.hu<\/a>) \u00fcgyvezet\u0151<br \/>\u00a0\u00a0\u00a0\u00a0\u00a0 Szab\u00f3 K\u00e1roly (el\u00e9rhet\u0151s\u00e9ge: 1107 Budapest, Basa u 20.;\u00a0<a href=\"mailto:force@force.hu\">force@force.hu<\/a>) \u00fcgyvezet\u0151<\/p><p><strong><u>\u00a0<\/u><\/strong><\/p><p><strong><u>IV.\/ Adatkezel\u00e9si alapelvek<\/u><\/strong><\/p><p><strong><u>\u00a0<\/u><\/strong><\/p><p>Az al\u00e1bbiakban \u00f6sszefoglaljuk azokat az adatkezel\u00e9si alapelveket, amelyeket az Adatkezel\u0151 az adatkezel\u00e9s teljes id\u0151tartama alatt, marad\u00e9ktalanul \u00e9rv\u00e9nyes\u00edt a GDPR 5. cikk\u00e9ben foglaltakkal \u00f6sszhangban.<\/p><p><strong>\u00a0<\/strong><\/p><ol><li><strong>Jogszer\u0171s\u00e9g, tisztess\u00e9ges elj\u00e1r\u00e1s \u00e9s \u00e1tl\u00e1that\u00f3s\u00e1g:<\/strong><\/li><\/ol><p>Az Adatkezel\u0151 alapvet\u0151en az \u00c9rintett\u0151l k\u00f6zvetlen\u00fcl veszi fel \u00e9s kezeli a szem\u00e9lyes adatokat, illetve amennyiben harmadik szem\u00e9lyt\u0151l k\u00f6zvetetten gy\u0171jt szem\u00e9lyes adatot, \u00fagy azt k\u00fcl\u00f6n felt\u00fcnteti jelen Szab\u00e1lyzatban. Az \u00c9rintett szem\u00e9lyes adatainak kezel\u00e9s\u00e9re kiz\u00e1r\u00f3lag jogszer\u0171 \u00e9s tisztess\u00e9ges \u00faton, valamint az \u00c9rintett sz\u00e1m\u00e1ra \u00e1tl\u00e1that\u00f3 m\u00f3don ker\u00fcl sor. Az Adatkezel\u0151 a Szab\u00e1lyzat hat\u00e1lyos sz\u00f6veg\u00e9t ingyenesen, k\u00f6telezetts\u00e9gmentesen, folyamatosan el\u00e9rhet\u0151v\u00e9 \u00e9s megismerhet\u0151v\u00e9 teszi. Az Adatkezel\u0151 a megadott szem\u00e9lyes adatokat tisztess\u00e9gtelen vagy a jelen Szab\u00e1lyzatban foglalt c\u00e9lokon fel\u00fcl m\u00e1s, tov\u00e1bbi c\u00e9lb\u00f3l nem kezeli, adatkezel\u00e9si tev\u00e9kenys\u00e9ge sor\u00e1n mindenkor jelen Szab\u00e1lyzatot, valamint az ir\u00e1nyad\u00f3 jogszab\u00e1lyoknak megfelel\u0151en j\u00e1r el.<\/p><ol start=\"2\"><li><strong>C\u00e9lhoz k\u00f6t\u00f6tts\u00e9g:<\/strong><\/li><\/ol><p>Az Adatkezel\u0151 a szem\u00e9lyes adatokat kiz\u00e1r\u00f3lag a Szab\u00e1lyzatban felt\u00fcntetett, egy\u00e9rtelm\u0171 \u00e9s jogszer\u0171 c\u00e9lokb\u00f3l kezelheti. Az egyes adatkezel\u00e9si c\u00e9lok teljes \u00e1ttekinthet\u0151s\u00e9ge \u00e9rdek\u00e9ben az Adatkezel\u0151 jelen Szab\u00e1lyzatban t\u00e1j\u00e9koztat\u00e1st ny\u00fajt arra vonatkoz\u00f3an, hogy az egyes szem\u00e9lyes adatokat milyen c\u00e9lb\u00f3l, milyen id\u0151tartamig \u00e9s mely jogalap alapj\u00e1n kezeli. Mindezen el\u0151\u00edr\u00e1sokat az Adatkezel\u0151 r\u00e1 n\u00e9zve k\u00f6telez\u0151k\u00e9nt alkalmaz.<\/p><p><strong>\u00a0<\/strong><\/p><ol start=\"3\"><li><strong>Korl\u00e1tozott t\u00e1rolhat\u00f3s\u00e1g:<\/strong><\/li><\/ol><p>Az \u00c9rintett szem\u00e9lyes adatainak t\u00e1rol\u00e1s\u00e1t olyan form\u00e1ban biztos\u00edtja az Adatkezel\u0151, amely az \u00e9rintettek azonos\u00edt\u00e1s\u00e1t csak a szem\u00e9lyes adatok kezel\u00e9se c\u00e9ljainak el\u00e9r\u00e9s\u00e9hez sz\u00fcks\u00e9ges ideig teszi lehet\u0151v\u00e9. A jelen Szab\u00e1lyzatban meghat\u00e1roz\u00e1sra ker\u00fclt az egyes adatkezel\u00e9si c\u00e9lok eset\u00e9ben, hogy mennyi id\u0151 eltelt\u00e9vel ker\u00fclnek az adatok t\u00f6rl\u00e9sre.<\/p><p><strong>\u00a0<\/strong><\/p><ol start=\"4\"><li><strong>Adattakar\u00e9koss\u00e1g:<\/strong><\/li><\/ol><p>Az Adatkezel\u0151 c\u00e9lja, hogy a tev\u00e9kenys\u00e9geinek min\u00e9l magasabb sz\u00ednvonal\u00fa biztos\u00edt\u00e1s\u00e1hoz csak a lehet\u0151 legsz\u00fcks\u00e9gesebb, legrelev\u00e1nsabb szem\u00e9lyes adatokat kezelje. Ezek minden esetben olyan adatok, amelyek az adatkezel\u00e9si c\u00e9l el\u00e9r\u00e9s\u00e9hez val\u00f3ban sz\u00fcks\u00e9gesek.<\/p><p><strong>\u00a0<\/strong><\/p><ol start=\"5\"><li><strong>Pontoss\u00e1g:<\/strong><\/li><\/ol><p>Az Adatkezel\u0151 c\u00e9lja, hogy a m\u00e1r r\u00f6gz\u00edtett szem\u00e9lyes adatok folyamatosan naprak\u00e9szek, pontosak legyenek, e c\u00e9l teljes\u00edt\u00e9se \u00e9rdek\u00e9ben az Adatkezel\u0151 minden \u00e9sszer\u0171 int\u00e9zked\u00e9st megtesz. Az adatok naprak\u00e9szs\u00e9g\u00e9t az \u00c9rintettek is el\u0151seg\u00edthetik az adatv\u00e1ltoz\u00e1s bejelent\u00e9s\u00e9vel, vagy a megadott adataik helyesb\u00edt\u00e9s\u00e9vel.<\/p><p><strong>\u00a0<\/strong><\/p><ol start=\"6\"><li><strong>Adatv\u00e9delem elve\/ integrit\u00e1s \u00e9s bizalmas jelleg:<\/strong><\/li><\/ol><p>Az Adatkezel\u0151 kiemelten fontosk\u00e9nt kezeli a megadott szem\u00e9lyes adatok v\u00e9delm\u00e9t, ez\u00e9rt megtesz minden ehhez sz\u00fcks\u00e9ges, elv\u00e1rhat\u00f3 \u00e9s a technika mindenkori fejletts\u00e9g\u00e9hez igazod\u00f3 technikai \u00e9s egy\u00e9b szervez\u00e9si l\u00e9p\u00e9st, elj\u00e1r\u00e1st. Az Adatkezel\u0151 a megadott szem\u00e9lyes adatokat alapvet\u0151en digit\u00e1lisan, a pap\u00edr alapon felvett, r\u00f6gz\u00edtett szem\u00e9lyes adatokat pedig pap\u00edr alapon is t\u00e1rolja. Az adatv\u00e9delmi incidens megel\u0151z\u00e9se, illetve elh\u00e1r\u00edt\u00e1sa \u00e9rdek\u00e9ben az Adatkezel\u0151 k\u00fcl\u00f6n\u00f6sen az al\u00e1bbi technikai, szervez\u00e9si int\u00e9zked\u00e9seket biztos\u00edtja:<\/p><ol><li>jelszavakkal \u00e9s titkos\u00edt\u00e1si elj\u00e1r\u00e1sokkal megakad\u00e1lyozza a szem\u00e9lyes adatokhoz val\u00f3 jogosulatlan hozz\u00e1f\u00e9r\u00e9st, valamint a jogosulatlan adatbevitelt, adatm\u00f3dos\u00edt\u00e1st, adatt\u00f6rl\u00e9st;<\/li><li>a pap\u00edr alapon kezelt szem\u00e9lyes adatokat z\u00e1rt helyis\u00e9gben, illetve z\u00e1rhat\u00f3 szekr\u00e9nyben t\u00e1rolja;<\/li><li>bels\u0151 sz\u00e1m\u00edt\u00f3g\u00e9pes rendszereiben kiz\u00e1r\u00f3lag jogtiszta, folyamatosan ellen\u0151rz\u00f6tt szoftvereket alkalmaz.<\/li><\/ol><p><strong><u>\u00a0<\/u><\/strong><\/p><p><strong><u>V.\/ Adatkezel\u00e9si c\u00e9lok, az adatkezel\u00e9s folyamata<\/u><\/strong><\/p><p><strong><u>\u00a0<\/u><\/strong><\/p><p>Az al\u00e1bbiakban \u00f6sszefoglaljuk azokat az esetk\u00f6r\u00f6ket (adatkezel\u00e9si c\u00e9lokat), amely sor\u00e1n a gyakorlatban megt\u00f6rt\u00e9nik az \u00c9rintett szem\u00e9lyes adatainak a kezel\u00e9se.<\/p><p><strong>\u00a0<\/strong><\/p><ol><li><u>Meg\u00e1llapod\u00e1sok teljes\u00edt\u00e9s\u00e9vel kapcsolatos adatkezel\u00e9s:<\/u><\/li><\/ol><ul><li>Adatkezel\u00e9s c\u00e9lja: szerz\u0151d\u00e9s megk\u00f6t\u00e9se \u00e9s teljes\u00edt\u00e9se.<\/li><li>Adatkezel\u00e9s jogalapja: szerz\u0151d\u00e9s teljes\u00edt\u00e9se. [GDPR 6. cikk (1) b)]<\/li><li>Kezelt adatok k\u00f6re: ha a szerz\u0151d\u0151 c\u00e9l jogi szem\u00e9ly, akkor a jogi szem\u00e9ly k\u00e9pviselet\u00e9ben elj\u00e1r\u00f3 szem\u00e9ly neve, tiszts\u00e9ge, al\u00e1\u00edr\u00e1sa; ha a szerz\u0151d\u0151 f\u00e9l term\u00e9szetes szem\u00e9ly (egy\u00e9ni v\u00e1llalkoz\u00f3), akkor a neve, nyilv\u00e1ntart\u00e1si sz\u00e1ma, lakc\u00edme, ad\u00f3sz\u00e1ma, al\u00e1\u00edr\u00e1sa.<\/li><li>\u00c9rintett: szerz\u0151d\u0151 f\u00e9l.<\/li><li>Adatkezel\u00e9s id\u0151tartama: minimum a Ptk. szerinti el\u00e9v\u00fcl\u00e9si id\u0151 lej\u00e1rata (~ 5 \u00e9v), sz\u00e1mviteli bizonylatok eset\u00e9n azokat a Sz\u00e1mviteli tv. 169. \u00a7 (2) bek. szerint 8 \u00e9vig kell t\u00e1rolni.<\/li><\/ul><ol start=\"2\"><li><u>Meg\u00e1llapod\u00e1sok kapcsolattart\u00f3ival kapcsolatos adatkezel\u00e9s:<\/u><\/li><\/ol><ul><li>Adatkezel\u00e9s c\u00e9lja: szerz\u0151d\u00e9s teljes\u00edt\u00e9se \u00e9rdek\u00e9ben kapcsolattart\u00e1s.<\/li><li>Adatkezel\u00e9s jogalapja: jogos \u00e9rdek. [GDPR 6. cikk (1) f)]<\/li><li>Kezelt adatok k\u00f6re: n\u00e9v, e-mail c\u00edm, telefonsz\u00e1m, beoszt\u00e1s \/ poz\u00edci\u00f3.<\/li><li>\u00c9rintett: szerz\u0151d\u0151 f\u00e9l kapcsolattart\u00f3ja.<\/li><li>Adatkezel\u00e9s id\u0151tartama: a szerz\u0151d\u00e9sre ir\u00e1nyad\u00f3 szab\u00e1lyok szerint.<\/li><\/ul><ol start=\"3\"><li><u>Sz\u00e1ml\u00e1kkal kapcsolatos adatkezel\u00e9s:<\/u><\/li><\/ol><ul><li>Adatkezel\u00e9s c\u00e9lja: sz\u00e1mla ki\u00e1ll\u00edt\u00e1sa, kifizet\u00e9s h\u00e1tter\u00e9nek biztos\u00edt\u00e1sa, jogi k\u00f6telezetts\u00e9g teljes\u00edt\u00e9se.<\/li><li>Adatkezel\u00e9s jogalapja: jogi k\u00f6telezetts\u00e9g teljes\u00edt\u00e9se [GDPR 6. cikk (1) c)] \u2013 az Szt. \u00e9s az \u00c1fa tv. alapj\u00e1n.<\/li><li>Kezelt adatok k\u00f6re: term\u00e9szetes szem\u00e9ly szerz\u0151d\u0151 f\u00e9l eset\u00e9n n\u00e9v, lakc\u00edm, ad\u00f3sz\u00e1m, banksz\u00e1mlasz\u00e1m; kapcsolattart\u00f3 megjel\u00f6l\u00e9se eset\u00e9n: n\u00e9v.<\/li><li>\u00c9rintett: szerz\u0151d\u0151 f\u00e9l; esetlegesen kapcsolattart\u00f3.<\/li><li>Adatkezel\u00e9s id\u0151tartama: a sz\u00e1mviteli bizonylatokat a Sz\u00e1mviteli tv. 169. \u00a7 (2) bek. szerint 8 \u00e9vig kell t\u00e1rolni.<\/li><\/ul><ol start=\"4\"><li><u>\u00d6n\u00e9letrajzok kezel\u00e9se<\/u><\/li><\/ol><p>Az Adatkezel\u0151 amennyiben \u00e1ll\u00e1sp\u00e1ly\u00e1zatot hirdet, a p\u00e1ly\u00e1zat sor\u00e1n kezeli a jelentkez\u0151k \u00f6n\u00e9letrajz\u00e1t \u00e9s az abban foglalt szem\u00e9lyes adatokat. A p\u00e1ly\u00e1zat lez\u00e1rt\u00e1val megsemmis\u00edti azon szem\u00e9lyek \u00f6n\u00e9letrajz\u00e1t, akiket nem tal\u00e1lt alkalmasnak a poz\u00edci\u00f3 bet\u00f6lt\u00e9s\u00e9re, azon szem\u00e9lyek eset\u00e9ben pedig, akiket adott esetben a poz\u00edci\u00f3 \u00fajra meg\u00fcresed\u00e9se eset\u00e9n felkeresne, az \u00f6n\u00e9letrajzot 6 h\u00f3napig t\u00e1rolja.<\/p><ul><li>Adatkezel\u00e9s c\u00e9lja: \u00e1ll\u00e1sp\u00e1ly\u00e1zat lefolytat\u00e1sa.<\/li><li>Adatkezel\u00e9s jogalapja: hozz\u00e1j\u00e1rul\u00e1s [GDPR 6. cikk (1) a)] az \u00e1ll\u00e1sp\u00e1ly\u00e1zat id\u0151tartama alatt; illetve azt k\u00f6vet\u0151en az alkalmas, azonban fel nem vett jelentkez\u0151 eset\u00e9ben pedig az Adatkezel\u0151 jogos \u00e9rdeke [GDPR 6. cikk (1) f)] alapj\u00e1n.<\/li><li>Kezelt adatok k\u00f6re: az \u00f6n\u00e9letrajzban szerepl\u0151 szem\u00e9lyes adatok (pl. n\u00e9v, lakc\u00edm; iskolai v\u00e9gzetts\u00e9g, nyelvtud\u00e1s, e-mail c\u00edm, telefonsz\u00e1m stb.).<\/li><li>\u00c9rintett: \u00e1ll\u00e1sp\u00e1ly\u00e1zatra jelentkez\u0151.<\/li><li>Adatkezel\u00e9s id\u0151tartama: az Adatkezel\u0151 az \u00f6n\u00e9letrajzokat a p\u00e1ly\u00e1zat lez\u00e1rt\u00e1ig kezeli; illetve \u2013 azon szem\u00e9lyek eset\u00e9ben, akiket alkalmasnak tal\u00e1lt a poz\u00edci\u00f3 bet\u00f6lt\u00e9s\u00e9re \u2013 6 h\u00f3napig kezeli.<\/li><\/ul><p><strong><u>\u00a0<\/u><\/strong><\/p><p><strong><u>VI.\/ Adatfeldolgoz\u00f3k<\/u><\/strong><\/p><p>Az Adatkezel\u0151 \u00fczleti tev\u00e9kenys\u00e9g\u00e9t \u00e9rint\u0151 k\u00f6nyvel\u00e9si tev\u00e9kenys\u00e9get az Adatkezel\u0151 adatfeldolgoz\u00f3jak\u00e9nt az EU-TAX 2003 Bt. (13-06-057809; 2096 \u00dcr\u00f6m, Kossuth utca 90\/b.) l\u00e1tja el, enn\u00e9lfogva az \u00fczleti tev\u00e9kenys\u00e9g sor\u00e1n kezelt szem\u00e9lyes adatokat (k\u00fcl\u00f6n\u00f6sen a szerz\u0151d\u00e9sek, sz\u00e1ml\u00e1k) ezen adatfeldolgoz\u00f3 is kezeli.<\/p><p>Az Adatkezel\u0151 k\u00f6nyvvizsg\u00e1lat\u00e1t a Novitate Audit Szolg\u00e1ltat\u00f3 Korl\u00e1tolt Felel\u0151ss\u00e9g\u0171 T\u00e1rsas\u00e1g (sz\u00e9khely: 1158 Budapest, Pest\u00fajhelyi \u00fat 92.; c\u00e9gjegyz\u00e9ksz\u00e1m: 01-09-283030) l\u00e1tja el.<\/p><p>A T\u00e1rsas\u00e1g feladatainak ell\u00e1t\u00e1sa sor\u00e1n elektronikus nyilv\u00e1ntart\u00e1si rendszert is alkalmaz, amelybe a szerz\u0151d\u00f6tt felek adatai is szerepelnek. Ezen nyilv\u00e1ntart\u00f3 rendszert az EU-TAX 2003 Bt. (13-06-057809; 2096 \u00dcr\u00f6m, Kossuth utca 90\/b.) \u00fczemelteti.<\/p><p><strong><u>VII.\/ Jog\u00e9rv\u00e9nyes\u00edt\u00e9s \u00e9s jogorvoslat<\/u><\/strong><\/p><p><strong><u>\u00a0<\/u><\/strong><\/p><p>Az al\u00e1bbiakban \u00f6sszefoglaljuk az \u00c9rintettnek azon jogait, amelyeket az Adatkezel\u0151vel szemben \u00e9rv\u00e9nyes\u00edthet.<\/p><ol><li><strong>Kommunik\u00e1ci\u00f3 az Adatkezel\u0151vel:\u00a0<\/strong>Az \u00c9rintett \u00e9s az Adatkezel\u0151 k\u00f6z\u00f6tti kommunik\u00e1ci\u00f3 telefonon, e-mail \u00fatj\u00e1n, vagy postai \u00faton t\u00f6rt\u00e9nik. Az Adatkezel\u0151 erre a c\u00e9lra szolg\u00e1l\u00f3 e-mail c\u00edme: force@force.hu; levelez\u00e9si c\u00edme: 1704 Budapest, Pf.: 91. Az \u00c9rintett jogosult arra, hogy az Adatkezel\u0151t\u0151l visszajelz\u00e9st k\u00e9rjen b\u00e1rmikor arra vonatkoz\u00f3an, hogy szem\u00e9lyes adatainak kezel\u00e9se folyamatban van-e, illetve amennyiben az adatkezel\u00e9s folyamatban van, \u00fagy az \u00c9rintettnek hozz\u00e1f\u00e9r\u00e9si joga van a kezelt szem\u00e9lyes adataihoz az al\u00e1bbi terjedelemben.<\/li><\/ol><p>A hozz\u00e1f\u00e9r\u00e9s keret\u00e9ben az Adatkezel\u0151 \u00e1ltal adott, adatkezel\u00e9ssel kapcsolatos inform\u00e1ci\u00f3k k\u00fcl\u00f6n\u00f6sen az al\u00e1bbiakra terjedhetnek ki:<\/p><ol><li>az adatkezel\u00e9s c\u00e9ljai;<\/li><li>a kezelt szem\u00e9lyes adatok;<\/li><li>az adattov\u00e1bb\u00edt\u00e1s c\u00edmzettjei;<\/li><li>az adatkezel\u00e9s v\u00e1rhat\u00f3 id\u0151tartama, vagy ha ezt meg\u00e1llap\u00edtani nem lehets\u00e9ges, \u00fagy az id\u0151tartam meghat\u00e1roz\u00e1s\u00e1nak szempontjai;<\/li><li>az \u00c9rintett \u00e1ltal gyakorolhat\u00f3 jogok;<\/li><li>a Hat\u00f3s\u00e1ghoz t\u00f6rt\u00e9n\u0151 panaszbeny\u00fajt\u00e1s joga;<\/li><li>az Adatkezel\u0151 \u00e1ltal gy\u0171jt\u00f6tt inform\u00e1ci\u00f3k forr\u00e1sa, jogalapja.<\/li><\/ol><p>Az Adatkezel\u0151 indokolatlan k\u00e9sedelem n\u00e9lk\u00fcl, de legk\u00e9s\u0151bb a t\u00e1j\u00e9koztat\u00e1sk\u00e9r\u00e9st\u0151l sz\u00e1m\u00edtott egy h\u00f3napon bel\u00fcl k\u00f6teles megadni a k\u00e9rt t\u00e1j\u00e9koztat\u00e1st. Sz\u00fcks\u00e9g eset\u00e9n, figyelembe v\u00e9ve a k\u00e9relem \u00f6sszetetts\u00e9g\u00e9t \u00e9s a k\u00e9relmek sz\u00e1m\u00e1t, ez a hat\u00e1rid\u0151 tov\u00e1bbi k\u00e9t h\u00f3nappal meghosszabb\u00edthat\u00f3. A hat\u00e1rid\u0151 meghosszabb\u00edt\u00e1s\u00e1r\u00f3l az Adatkezel\u0151 a k\u00e9sedelem okainak megjel\u00f6l\u00e9s\u00e9vel a k\u00e9relem k\u00e9zhezv\u00e9tel\u00e9t\u0151l sz\u00e1m\u00edtott egy h\u00f3napon bel\u00fcl t\u00e1j\u00e9koztatja az \u00c9rintettet. Az Adatkezel\u0151 az adatkezel\u00e9s t\u00e1rgy\u00e1t k\u00e9pez\u0151 szem\u00e9lyes adatok m\u00e1solat\u00e1t az \u00c9rintett k\u00e9r\u00e9s\u00e9re rendelkez\u00e9sre bocs\u00e1tja. Az \u00c9rintett \u00e1ltal k\u00e9rt tov\u00e1bbi m\u00e1solatok\u00e9rt az Adatkezel\u0151 \u00e9sszer\u0171 m\u00e9rt\u00e9k\u0171 adminisztrat\u00edv k\u00f6lts\u00e9get sz\u00e1m\u00edthat fel.<\/p><p><strong>\u00a0<\/strong><\/p><p>Az Adatkezel\u0151 minden, szem\u00e9lyes adatot \u00e9rint\u0151 int\u00e9zked\u00e9s megt\u00e9tel\u00e9r\u0151l az \u00c9rintettet k\u00e9sedelem n\u00e9lk\u00fcl, de legk\u00e9s\u0151bb az int\u00e9zked\u00e9s megt\u00e9tel\u00e9t k\u00f6vet\u0151 egy h\u00f3napon bel\u00fcl t\u00e1j\u00e9koztatja. Ha az Adatkezel\u0151 nem tesz int\u00e9zked\u00e9seket az \u00c9rintett k\u00e9relme nyom\u00e1n, k\u00e9sedelem n\u00e9lk\u00fcl, de legk\u00e9s\u0151bb a k\u00e9relem be\u00e9rkez\u00e9s\u00e9t\u0151l sz\u00e1m\u00edtott egy h\u00f3napon bel\u00fcl t\u00e1j\u00e9koztatja az \u00c9rintettet az int\u00e9zked\u00e9s elmarad\u00e1s\u00e1nak okair\u00f3l, valamint arr\u00f3l, hogy az \u00e9rintett panaszt ny\u00fajthat be a Hat\u00f3s\u00e1gn\u00e1l, \u00e9s \u00e9lhet b\u00edr\u00f3s\u00e1gi jogorvoslati jog\u00e1val.<\/p><ol start=\"2\"><li><strong>Helyesb\u00edt\u00e9s:<\/strong>\u00a0Az \u00c9rintett jogosult a szem\u00e9lyes adataiban bek\u00f6vetkezett v\u00e1ltoz\u00e1sr\u00f3l az Adatkezel\u0151t (a fentiek szerint e-mailben vagy postai lev\u00e9l \u00fatj\u00e1n) \u00e9rtes\u00edteni. Az Adatkezel\u0151 az adatv\u00e1ltoz\u00e1st a k\u00e9relem be\u00e9rkez\u00e9s\u00e9t\u0151l sz\u00e1m\u00edtott 8 napon bel\u00fcl teljes\u00edti. Ha az \u00c9rintett a szem\u00e9lyes adataiban bek\u00f6vetkezett v\u00e1ltoz\u00e1st az \u00c9rintett k\u00e9sedelem n\u00e9lk\u00fcl nem jelenti be, annak k\u00f6vetkezm\u00e9nyeit az \u00c9rintett k\u00f6teles viselni. Ha a megadott szem\u00e9lyes adat a val\u00f3s\u00e1gnak nem felel meg, \u00e9s a val\u00f3s\u00e1gnak megfelel\u0151 szem\u00e9lyes adat az Adatkezel\u0151 rendelkez\u00e9s\u00e9re \u00e1ll, a szem\u00e9lyes adatot az Adatkezel\u0151 automatikusan helyesb\u00edti.<\/li><\/ol><ol start=\"3\"><li><strong>Adatt\u00f6rl\u00e9s<\/strong>: Az \u00c9rintett jogosult arra, hogy k\u00e9r\u00e9s\u00e9re az Adatkezel\u0151 indokolatlan k\u00e9sedelem n\u00e9lk\u00fcl t\u00f6r\u00f6lje a r\u00e1 vonatkoz\u00f3 szem\u00e9lyes adatokat, az Adatkezel\u0151 pedig k\u00f6teles arra, hogy az \u00c9rintettre vonatkoz\u00f3 szem\u00e9lyes adatokat indokolatlan k\u00e9sedelem n\u00e9lk\u00fcl t\u00f6r\u00f6lje, \u00edgy k\u00fcl\u00f6n\u00f6sen, ha az al\u00e1bbi indokok valamelyike fenn\u00e1ll:<\/li><li>a szem\u00e9lyes adatokra m\u00e1r nincs sz\u00fcks\u00e9g abb\u00f3l a c\u00e9lb\u00f3l, amelyb\u0151l azokat gy\u0171jt\u00f6tt\u00e9k vagy m\u00e1s m\u00f3don kezelt\u00e9k;<\/li><li>az \u00c9rintett visszavonja az adatkezel\u00e9shez adott hozz\u00e1j\u00e1rul\u00e1s\u00e1t \u00e9s az adatkezel\u00e9snek nincs m\u00e1s jogalapja (a visszavon\u00e1s visszamen\u0151legesen nem \u00e9rinti az adatkezel\u00e9s jogszer\u0171s\u00e9g\u00e9t);<\/li><li>az \u00c9rintett a jogos \u00e9rdeken alapul\u00f3 adatkezel\u00e9s ellen tiltakozik;<\/li><li>a szem\u00e9lyes adatokat jogellenesen kezelte az Adatkezel\u0151;<\/li><li>a szem\u00e9lyes adatokat az adatkezel\u0151re alkalmazand\u00f3 uni\u00f3s vagy tag\u00e1llami jogban el\u0151\u00edrt jogi k\u00f6telezetts\u00e9g teljes\u00edt\u00e9s\u00e9hez t\u00f6r\u00f6lni kell.<\/li><\/ol><p>Az Adatkezel\u0151 a fenti esetk\u00f6r\u00f6k fenn\u00e1ll\u00e1sa eset\u00e9n sem k\u00f6teles t\u00f6r\u00f6lni a kezelt szem\u00e9lyes adatokat, amennyiben az adatkezel\u00e9s sz\u00fcks\u00e9ges:<\/p><ol><li>a v\u00e9lem\u00e9nynyilv\u00e1n\u00edt\u00e1s szabads\u00e1g\u00e1hoz \u00e9s a t\u00e1j\u00e9koz\u00f3d\u00e1shoz val\u00f3 jog gyakorl\u00e1sa c\u00e9lj\u00e1b\u00f3l;<\/li><li>a szem\u00e9lyes adatok kezel\u00e9s\u00e9t el\u0151\u00edr\u00f3, az Adatkezel\u0151re alkalmazand\u00f3 uni\u00f3s vagy tag\u00e1llami jog szerinti k\u00f6telezetts\u00e9g teljes\u00edt\u00e9se, illetve k\u00f6z\u00e9rdekb\u0151l;<\/li><li>statisztikai c\u00e9lb\u00f3l vagy archiv\u00e1l\u00e1s c\u00e9lj\u00e1b\u00f3l, illet\u0151leg tudom\u00e1nyos \u00e9s t\u00f6rt\u00e9nelmi kutat\u00e1si c\u00e9lb\u00f3l, amennyiben a t\u00f6rl\u00e9s val\u00f3sz\u00edn\u0171s\u00edthet\u0151en lehetetlenn\u00e9 tenn\u00e9 vagy komolyan vesz\u00e9lyeztetn\u00e9 ezt az adatkezel\u00e9st;<\/li><li>jogi ig\u00e9nyek el\u0151terjeszt\u00e9s\u00e9hez, \u00e9rv\u00e9nyes\u00edt\u00e9s\u00e9hez, illetve v\u00e9delm\u00e9hez.<\/li><\/ol><ol start=\"4\"><li><strong>Tiltakoz\u00e1s adatkezel\u00e9s ellen:\u00a0<\/strong>Az \u00c9rintett jogosult arra, hogy a saj\u00e1t helyzet\u00e9vel kapcsolatos okokb\u00f3l b\u00e1rmikor tiltakozzon szem\u00e9lyes adatainak a jelen szab\u00e1lyzat szerinti, jogos \u00e9rdeken alapul\u00f3 kezel\u00e9se ellen (ilyennek min\u0151s\u00fcl a kamer\u00e1s megfigyel\u00e9s, valamint a tervez\u0151kre vonatkoz\u00f3 adatgy\u0171jt\u00e9s, tov\u00e1bb\u00e1 az \u00e1tv\u00e9tel igazol\u00e1s \u00e9rdek\u00e9ben t\u00f6rt\u00e9n\u0151 adatkezel\u00e9s). Ebben az esetben az Adatkezel\u0151 a szem\u00e9lyes adatokat nem kezelheti tov\u00e1bb, kiv\u00e9ve, ha az Adatkezel\u0151 bizony\u00edtja, hogy az adatkezel\u00e9st olyan k\u00e9nyszer\u00edt\u0151 erej\u0171 jogos okok indokolj\u00e1k, amelyek els\u0151bbs\u00e9get \u00e9lveznek az \u00c9rintett \u00e9rdekeivel, jogaival \u00e9s szabads\u00e1gaival szemben, vagy amelyek jogi ig\u00e9nyek el\u0151terjeszt\u00e9s\u00e9hez, \u00e9rv\u00e9nyes\u00edt\u00e9s\u00e9hez vagy v\u00e9delm\u00e9hez kapcsol\u00f3dnak.<\/li><\/ol><ol start=\"5\"><li><strong>Adatkezel\u00e9s korl\u00e1toz\u00e1s\u00e1hoz val\u00f3 jog:\u00a0<\/strong>Az \u00c9rintett jogosult arra, hogy k\u00e9r\u00e9s\u00e9re az Adatkezel\u0151 korl\u00e1tozza az adatkezel\u00e9st, amennyiben az al\u00e1bbi felt\u00e9telek egyike teljes\u00fcl.<\/li><li>az \u00c9rintett vitatja a szem\u00e9lyes adatainak pontoss\u00e1g\u00e1t, ez esetben a korl\u00e1toz\u00e1s arra az id\u0151tartamra vonatkozik, amely lehet\u0151v\u00e9 teszi, hogy az Adatkezel\u0151 ellen\u0151rizze a szem\u00e9lyes adatok pontoss\u00e1g\u00e1t;<\/li><li>az adatkezel\u00e9s jogellenes, \u00e9s az \u00c9rintett ellenzi a szem\u00e9lyes adatok t\u00f6rl\u00e9s\u00e9t, \u00e9s ehelyett k\u00e9ri azok felhaszn\u00e1l\u00e1s\u00e1nak korl\u00e1toz\u00e1s\u00e1t;<\/li><li>az Adatkezel\u0151nek m\u00e1r nincs sz\u00fcks\u00e9ge a szem\u00e9lyes adatokra az adatkezel\u00e9si c\u00e9l teljes\u00edt\u00e9s\u00e9hez, de az \u00c9rintett ig\u00e9nyli azokat jogi ig\u00e9nyek el\u0151terjeszt\u00e9s\u00e9hez, \u00e9rv\u00e9nyes\u00edt\u00e9s\u00e9hez vagy v\u00e9delm\u00e9hez;<\/li><li>az \u00c9rintett tiltakozott az adatkezel\u00e9s ellen, ez esetben a korl\u00e1toz\u00e1s arra az id\u0151tartamra vonatkozik, am\u00edg meg\u00e1llap\u00edt\u00e1sra nem ker\u00fcl, hogy az Adatkezel\u0151 jogos indokai els\u0151bbs\u00e9get \u00e9lveznek-e az \u00c9rintett jogos indokaival szemben.<\/li><\/ol><p>Amennyiben az adatkezel\u00e9s a fentiek szerint korl\u00e1toz\u00e1s al\u00e1 ker\u00fcl, \u00fagy az ilyen szem\u00e9lyes adatokat a t\u00e1rol\u00e1s kiv\u00e9tel\u00e9vel csak az \u00c9rintett hozz\u00e1j\u00e1rul\u00e1sa mellett, vagy jogi ig\u00e9nyek el\u0151terjeszt\u00e9s\u00e9hez, \u00e9rv\u00e9nyes\u00edt\u00e9s\u00e9hez vagy v\u00e9delm\u00e9hez, vagy m\u00e1s term\u00e9szetes vagy jogi szem\u00e9ly jogainak v\u00e9delme \u00e9rdek\u00e9ben, fontos k\u00f6z\u00e9rdekb\u0151l lehet kezelni. Amennyiben az adatkezel\u00e9s korl\u00e1toz\u00e1sa felold\u00e1sra ker\u00fcl, \u00fagy a korl\u00e1toz\u00e1st k\u00e9relmez\u0151 \u00c9rintettet az Adatkezel\u0151 el\u0151zetesen \u00e9rtes\u00edti e t\u00e9nyr\u0151l.<\/p><ol start=\"6\"><li><strong>Adathordozhat\u00f3s\u00e1ghoz val\u00f3 jog:\u00a0<\/strong>Az \u00c9rintett hozz\u00e1j\u00e1rul\u00e1sa alapj\u00e1n, illet\u0151leg a szerz\u0151d\u00e9s teljes\u00edt\u00e9se \u00e9rdek\u00e9ben kezelt szem\u00e9lyes adatok tekintet\u00e9ben az \u00c9rintett jogosult arra, hogy a r\u00e1 vonatkoz\u00f3, \u00e1ltala az Adatkezel\u0151 rendelkez\u00e9s\u00e9re bocs\u00e1tott szem\u00e9lyes adatokat tagolt, sz\u00e9les k\u00f6rben haszn\u00e1lt, g\u00e9ppel olvashat\u00f3 form\u00e1tumban \u00e1tadja sz\u00e1m\u00e1ra, tov\u00e1bb\u00e1 jogosult arra, hogy ezeket az adatokat egy m\u00e1sik adatkezel\u0151nek tov\u00e1bb\u00edtsa an\u00e9lk\u00fcl, hogy ezt akad\u00e1lyozn\u00e1 az az Adatkezel\u0151, amelynek a szem\u00e9lyes adatokat a rendelkez\u00e9s\u00e9re bocs\u00e1totta. E jog gyakorl\u00e1s\u00e1ra kiz\u00e1r\u00f3lag a hozz\u00e1j\u00e1rul\u00e1son vagy szerz\u0151d\u00e9s teljes\u00edt\u00e9se jogalapj\u00e1n kezelt \u00e9s digit\u00e1lis \u00faton kezelt szem\u00e9lyes adatok tekintet\u00e9ben van m\u00f3d.<\/li><\/ol><ol start=\"7\"><li><strong>A Hat\u00f3s\u00e1g elj\u00e1r\u00e1snak kezdem\u00e9nyez\u00e9se:<\/strong>\u00a0Az \u00c9rintett a Hat\u00f3s\u00e1gn\u00e1l bejelent\u00e9s \u00fatj\u00e1n vizsg\u00e1latot kezdem\u00e9nyezhet arra hivatkoz\u00e1ssal, hogy a szem\u00e9lyes adatai kezel\u00e9s\u00e9vel kapcsolatban jogs\u00e9relem k\u00f6vetkezett be, vagy annak k\u00f6zvetlen vesz\u00e9lye fenn\u00e1ll. A Hat\u00f3s\u00e1g vizsg\u00e1lata ingyenes, a vizsg\u00e1lat k\u00f6lts\u00e9geit a Hat\u00f3s\u00e1g el\u0151legezi \u00e9s viseli. A Hat\u00f3s\u00e1ghoz tett bejelent\u00e9se miatt senkit sem \u00e9rhet h\u00e1tr\u00e1ny. A bejelent\u0151 kil\u00e9t\u00e9t a Hat\u00f3s\u00e1g csak akkor fedheti fel, ha ennek hi\u00e1ny\u00e1ban a vizsg\u00e1lat nem lenne lefolytathat\u00f3. Ha a bejelent\u0151 k\u00e9ri, kil\u00e9t\u00e9t a Hat\u00f3s\u00e1g akkor sem fedheti fel, ha ennek hi\u00e1ny\u00e1ban a vizsg\u00e1lat nem folytathat\u00f3 le.<\/li><\/ol><ol start=\"8\"><li><strong>B\u00edr\u00f3s\u00e1g el\u0151tti jog\u00e9rv\u00e9nyes\u00edt\u00e9s:<\/strong>\u00a0az \u00c9rintett a jogainak megs\u00e9rt\u00e9se eset\u00e9n az Adatkezel\u0151 ellen b\u00edr\u00f3s\u00e1ghoz fordulhat, a per elb\u00edr\u00e1l\u00e1sa a t\u00f6rv\u00e9nysz\u00e9k hat\u00e1sk\u00f6r\u00e9be tartozik. A perre f\u0151szab\u00e1ly szerint az Adatkezel\u0151 sz\u00e9khelye szerinti t\u00f6rv\u00e9nysz\u00e9k illet\u00e9kes, de az \u2013 az \u00c9rintett v\u00e1laszt\u00e1sa szerint \u2013 az \u00c9rintett lak\u00f3helye vagy tart\u00f3zkod\u00e1si helye szerinti t\u00f6rv\u00e9nysz\u00e9k el\u0151tt is megind\u00edthat\u00f3. A t\u00f6rv\u00e9nysz\u00e9k illet\u00e9kess\u00e9ge a\u00a0<a href=\"http:\/\/www.birosag.hu\/\">birosag.hu<\/a>\u00a0honlapon tal\u00e1lhat\u00f3 \u201eB\u00edr\u00f3s\u00e1g keres\u0151\u201d alkalmaz\u00e1ssal ellen\u0151rizhet\u0151. A t\u00f6rv\u00e9nysz\u00e9k az \u00fcgyben soron k\u00edv\u00fcl j\u00e1r el.<\/li><\/ol><ol start=\"9\"><li><strong>K\u00e1rt\u00e9r\u00edt\u00e9s \u00e9s s\u00e9relemd\u00edj:<\/strong>\u00a0Ha az Adatkezel\u0151 az \u00c9rintett szem\u00e9lyes adatainak jogellenes kezel\u00e9s\u00e9vel vagy az adatbiztons\u00e1g k\u00f6vetelm\u00e9nyeinek megszeg\u00e9s\u00e9vel:<ol><li>az \u00c9rintettnek, illetve m\u00e1snak k\u00e1rt okoz, k\u00f6teles azt megt\u00e9r\u00edteni (k\u00e1rt\u00e9r\u00edt\u00e9s);<\/li><li>az \u00c9rintett szem\u00e9lyis\u00e9gi jog\u00e1t megs\u00e9rti, az \u00c9rintett az Adatkezel\u0151t\u0151l s\u00e9relemd\u00edjat k\u00f6vetelhet.<\/li><\/ol><\/li><\/ol><p>Az Adatkezel\u0151 mentes\u00fcl az okozott k\u00e1r\u00e9rt val\u00f3 felel\u0151ss\u00e9g \u00e9s a s\u00e9relemd\u00edj megfizet\u00e9s\u00e9nek k\u00f6telezetts\u00e9ge al\u00f3l, ha bizony\u00edtja, hogy a k\u00e1rt vagy az \u00c9rintett szem\u00e9lyis\u00e9gi jog\u00e1nak s\u00e9relm\u00e9t az adatkezel\u00e9s k\u00f6r\u00e9n k\u00edv\u00fcl es\u0151 elh\u00e1r\u00edthatatlan ok id\u00e9zte el\u0151. Nem kell megt\u00e9r\u00edteni a k\u00e1rt \u00e9s nem k\u00f6vetelhet\u0151 a s\u00e9relemd\u00edj annyiban, amennyiben a k\u00e1r vagy a szem\u00e9lyis\u00e9gi jog megs\u00e9rt\u00e9s\u00e9vel okozott jogs\u00e9relem az \u00c9rintett (k\u00e1rosult) sz\u00e1nd\u00e9kos vagy s\u00falyosan gondatlan magatart\u00e1s\u00e1b\u00f3l sz\u00e1rmazott.<\/p><p><strong>\u00a0<\/strong><\/p><p><strong><u>VIII.\/ Adatbiztons\u00e1g<\/u><\/strong><\/p><p><strong><u>\u00a0<\/u><\/strong><\/p><p>Gondoskodunk az adatkezel\u00e9s biztons\u00e1g\u00e1r\u00f3l \u00e9s ennek \u00e9rdek\u00e9ben megtessz\u00fck a sz\u00fcks\u00e9ges \u00e9s megfelel\u0151 technikai \u00e9s szervez\u00e9si int\u00e9zked\u00e9seket. Biztos\u00edtjuk a szem\u00e9lyes adatok bizalmass\u00e1g\u00e1t (pl. nyilv\u00e1noss\u00e1gra ker\u00fcl\u00e9s, jogosulatlan hozz\u00e1f\u00e9r\u00e9s), s\u00e9rtetlens\u00e9g\u00e9t (megv\u00e1ltoztat\u00e1s, m\u00f3dos\u00edt\u00e1s, t\u00f6rl\u00e9s) rendelkez\u00e9sre \u00e1ll\u00e1s\u00e1t (el\u00e9rhet\u0151s\u00e9g, vissza\u00e1ll\u00edthat\u00f3s\u00e1g).<\/p><p>A fenti k\u00f6vetelm\u00e9nyeket \u2013 t\u00f6bbek k\u00f6z\u00f6tt \u2013 az al\u00e1bbiak szerint teljes\u00edtj\u00fck:<\/p><ul><li>gondoskodunk arr\u00f3l, hogy az adatkezel\u00e9shez haszn\u00e1lt eszk\u00f6z\u00f6kh\u00f6z jogosulatlan szem\u00e9lyek ne f\u00e9rhessenek hozz\u00e1;<\/li><li>az elektronikus adatokat z\u00e1rt, jelsz\u00f3val v\u00e9dett informatikai rendszerben t\u00e1roljuk;<\/li><li>gondoskodunk az adatok bizalmass\u00e1g\u00e1r\u00f3l;<\/li><li>a szem\u00e9lyes adatokat kiz\u00e1r\u00f3lag megfelel\u0151 jogalap birtok\u00e1ban tov\u00e1bb\u00edtjuk;<\/li><li>a szem\u00e9lyes adatokat csak a sz\u00fcks\u00e9ges id\u0151tartamig kezelj\u00fck;<\/li><li>gondoskodunk a v\u00edrusok elleni v\u00e9delemr\u0151l; a hordoz\u00f3 eszk\u00f6z\u00f6k fizikai v\u00e9delm\u00e9r\u0151l;<\/li><li>az informatikai megfelel\u0151s\u00e9gi szint rendszeresen fel\u00fclvizsg\u00e1latra \u00e9s \u2013 sz\u00fcks\u00e9g eset\u00e9n \u2013 fejleszt\u00e9sre ker\u00fcl.<\/li><\/ul><p><strong>\u00a0<\/strong><\/p><ol><li><strong><u>Vegyes rendelkez\u00e9sek<\/u><\/strong><\/li><\/ol><p>Az Adatkezel\u0151 fenntartja mag\u00e1nak a jogot, hogy a Szab\u00e1lyzatot egyoldal\u00faan b\u00e1rmikor m\u00f3dos\u00edtsa.<\/p><p>A Szab\u00e1lyzatra a magyar jog szab\u00e1lyai alkalmazand\u00f3k.<\/p><p>Az utols\u00f3 m\u00f3dos\u00edt\u00e1s d\u00e1tum\u00e1t az utols\u00f3 sor jelzi.<\/p><p>Budapest, 2020\u2026..<\/p>\t\t\t\t\t\t<\/div>\n\t\t\t\t<\/div>\n\t\t\t\t\t<\/div>\n\t\t<\/div>\n\t\t\t\t\t\t\t<\/div>\n\t\t<\/section>\n\t\t\t\t\t\t<\/div>\n\t\t\t\t\t<\/div>\n\t\t","protected":false},"excerpt":{"rendered":"<p>K\u00fcls\u0151 \u00e9rintettek r\u00e9sz\u00e9re I.\/ Bevezet\u00e9s Jelen Adatkezel\u00e9si Szab\u00e1lyzat (a tov\u00e1bbiakban:\u00a0Szab\u00e1lyzat) c\u00e9lja, hogy a vonatkoz\u00f3 jogszab\u00e1lyi el\u0151\u00edr\u00e1soknak megfelel\u0151en r\u00f6gz\u00edtse azokat az adatkezel\u00e9si alapelveket, c\u00e9lokat \u00e9s egy\u00e9b t\u00e9nyeket, amelyek meghat\u00e1rozz\u00e1k azt, hogy az \u00d6n \u00e1ltal megadott szem\u00e9lyes adatokat milyen c\u00e9lb\u00f3l, meddig \u00e9s hogyan kezelj\u00fck, \u00e9s az adatkezel\u00e9s vonatkoz\u00e1s\u00e1ban \u00d6nnek milyen jog\u00e9rv\u00e9nyes\u00edt\u00e9si \u00e9s jogorvoslati lehet\u0151s\u00e9gei vannak. Az \u00d6n &#8230; <a title=\"K\u00fcls\u0151 \u00e9rintettek r\u00e9sz\u00e9re\" class=\"read-more\" href=\"https:\/\/www.force.hu\/wordpress\/kulso-erintettek-reszere\/\" aria-label=\"More on K\u00fcls\u0151 \u00e9rintettek r\u00e9sz\u00e9re\">Read more<\/a><\/p>\n","protected":false},"author":1,"featured_media":0,"parent":0,"menu_order":0,"comment_status":"closed","ping_status":"closed","template":"elementor_header_footer","meta":[],"_links":{"self":[{"href":"https:\/\/www.force.hu\/wordpress\/wp-json\/wp\/v2\/pages\/152"}],"collection":[{"href":"https:\/\/www.force.hu\/wordpress\/wp-json\/wp\/v2\/pages"}],"about":[{"href":"https:\/\/www.force.hu\/wordpress\/wp-json\/wp\/v2\/types\/page"}],"author":[{"embeddable":true,"href":"https:\/\/www.force.hu\/wordpress\/wp-json\/wp\/v2\/users\/1"}],"replies":[{"embeddable":true,"href":"https:\/\/www.force.hu\/wordpress\/wp-json\/wp\/v2\/comments?post=152"}],"version-history":[{"count":7,"href":"https:\/\/www.force.hu\/wordpress\/wp-json\/wp\/v2\/pages\/152\/revisions"}],"predecessor-version":[{"id":160,"href":"https:\/\/www.force.hu\/wordpress\/wp-json\/wp\/v2\/pages\/152\/revisions\/160"}],"wp:attachment":[{"href":"https:\/\/www.force.hu\/wordpress\/wp-json\/wp\/v2\/media?parent=152"}],"curies":[{"name":"wp","href":"https:\/\/api.w.org\/{rel}","templated":true}]}}